{"id":1356,"date":"2020-03-24T23:02:38","date_gmt":"2020-03-25T02:02:38","guid":{"rendered":"http:\/\/www.aluviconstrucciones.com.ar\/?page_id=1356"},"modified":"2020-06-11T16:47:03","modified_gmt":"2020-06-11T19:47:03","slug":"laminado-color","status":"publish","type":"page","link":"https:\/\/www.aluviconstrucciones.com.ar\/index.php\/laminado-color\/","title":{"rendered":"Laminado Color"},"content":{"rendered":"\n<div class=\"wp-block-image\"><figure class=\"alignleft size-large\"><img decoding=\"async\" width=\"190\" height=\"120\" src=\"http:\/\/www.aluviconstrucciones.com.ar\/wp-content\/uploads\/2020\/06\/Laminado-Color.jpg\" alt=\"\" class=\"wp-image-1808\"\/><\/figure><\/div>\n\n\n\n<p>Cuando el dise\u00f1o arquitect\u00f3nico se vuelve m\u00e1s sofisticado, el vidrio pasa a cumplir un rol aun m\u00e1s significativo. El laminado color es ideal para aquellas aplicaciones donde el usuario requiere un grado mayor de dise\u00f1o y una tonalidad art\u00edstica, que combinado a un nivel de seguridad pueden afrontar los proyectos mas exigentes.<br><br>Se atribuyen sus principales ventajas a:<\/p>\n\n\n\n<div class=\"wp-block-image\"><figure class=\"alignright size-large\"><img fetchpriority=\"high\" decoding=\"async\" width=\"423\" height=\"237\" src=\"http:\/\/www.aluviconstrucciones.com.ar\/wp-content\/uploads\/2020\/05\/laminado-color2.jpg\" alt=\"\" class=\"wp-image-1452\" srcset=\"https:\/\/www.aluviconstrucciones.com.ar\/wp-content\/uploads\/2020\/05\/laminado-color2.jpg 423w, https:\/\/www.aluviconstrucciones.com.ar\/wp-content\/uploads\/2020\/05\/laminado-color2-300x168.jpg 300w\" sizes=\"(max-width: 423px) 100vw, 423px\" \/><\/figure><\/div>\n\n\n\n<p>+ Permite combinar la personalizaci\u00f3n est\u00e9tica de un proyecto a trav\u00e9s de color o incorporar de manera sencilla en vidrios de doble acristalamiento.<\/p>\n\n\n\n<p>+ Incorporar color con Transparencia o colores Plenos realizados en vidrios de seguridad.<\/p>\n\n\n\n<p>+ Permite combinar la personalizaci\u00f3n est\u00e9tica de un proyecto a trav\u00e9s de color o incorporar de manera sencilla en vidrios de doble acristalamiento.<\/p>\n\n\n\n<p>+ Incorporar color con Transparencia o colores Plenos realizados en vidrios de seguridad.<\/p>\n\n\n\n<p>+ Ante el caso de rotura, la lamina con pol\u00edmero mantiene unidos los fragmentos de vidrio, evitando desprendimientos y previniendo posibles accidentes.<\/p>\n\n\n\n<div class=\"wp-block-image\"><figure class=\"alignright size-large\"><img decoding=\"async\" width=\"423\" height=\"282\" src=\"http:\/\/www.aluviconstrucciones.com.ar\/wp-content\/uploads\/2020\/05\/laminado-color.jpg\" alt=\"\" class=\"wp-image-1451\" srcset=\"https:\/\/www.aluviconstrucciones.com.ar\/wp-content\/uploads\/2020\/05\/laminado-color.jpg 423w, https:\/\/www.aluviconstrucciones.com.ar\/wp-content\/uploads\/2020\/05\/laminado-color-300x200.jpg 300w\" sizes=\"(max-width: 423px) 100vw, 423px\" \/><\/figure><\/div>\n\n\n\n<p>+ Versatilidad para utilizar en frentes de fachadas, barandas de balc\u00f3n, escaleras vidriadas, tapas de mesa y los dise\u00f1os arquitect\u00f3nicos que lo requieran.<br><\/p>\n","protected":false},"excerpt":{"rendered":"<p>Cuando el dise\u00f1o arquitect\u00f3nico se vuelve m\u00e1s sofisticado, el vidrio pasa a cumplir un rol aun m\u00e1s significativo. El laminado color es ideal para aquellas aplicaciones donde el usuario requiere un grado mayor de dise\u00f1o y una tonalidad art\u00edstica, que combinado a un nivel de seguridad pueden afrontar los proyectos mas exigentes. Se atribuyen sus&hellip;<\/p>\n","protected":false},"author":1,"featured_media":0,"parent":0,"menu_order":0,"comment_status":"closed","ping_status":"closed","template":"","meta":{"footnotes":"","_joinchat":[]},"_links":{"self":[{"href":"https:\/\/www.aluviconstrucciones.com.ar\/index.php\/wp-json\/wp\/v2\/pages\/1356"}],"collection":[{"href":"https:\/\/www.aluviconstrucciones.com.ar\/index.php\/wp-json\/wp\/v2\/pages"}],"about":[{"href":"https:\/\/www.aluviconstrucciones.com.ar\/index.php\/wp-json\/wp\/v2\/types\/page"}],"author":[{"embeddable":true,"href":"https:\/\/www.aluviconstrucciones.com.ar\/index.php\/wp-json\/wp\/v2\/users\/1"}],"replies":[{"embeddable":true,"href":"https:\/\/www.aluviconstrucciones.com.ar\/index.php\/wp-json\/wp\/v2\/comments?post=1356"}],"version-history":[{"count":7,"href":"https:\/\/www.aluviconstrucciones.com.ar\/index.php\/wp-json\/wp\/v2\/pages\/1356\/revisions"}],"predecessor-version":[{"id":1810,"href":"https:\/\/www.aluviconstrucciones.com.ar\/index.php\/wp-json\/wp\/v2\/pages\/1356\/revisions\/1810"}],"wp:attachment":[{"href":"https:\/\/www.aluviconstrucciones.com.ar\/index.php\/wp-json\/wp\/v2\/media?parent=1356"}],"curies":[{"name":"wp","href":"https:\/\/api.w.org\/{rel}","templated":true}]}}